{"version":"1.0","provider_name":"Sz\u00edvdobban\u00e1s","provider_url":"https:\/\/bocsika.cafeblog.hu","author_name":"Elk\u00e9stem","author_url":"https:\/\/bocsika.cafeblog.hu\/author\/elkestem\/","title":"\u00c9jszak\u00e1k \u00e9s nappalok","html":"<div style=\"text-align: center;\"><img src=\"https:\/\/bocsika.cafeblog.hu\/files\/OjszakOekOosnappalok.jpg\" class=\"blogkep\">\n<\/div>&nbsp;&nbsp;&nbsp; <br><div style=\"text-align: center;\"><span style=\"color: rgb(0, 51, 51);\"><span style=\"font-size: 18px;\">\u00c9jszak\u00e1k \u00e9s nappalok<\/span><\/span><br><\/div><div style=\"text-align: center;\"><br><span style=\"color: rgb(0, 51, 51); font-size: 18px;\">Mindig csak egyed\u00fcl vagyok,<\/span><br><span style=\"color: rgb(0, 51, 51); font-size: 18px;\">\u00c9s r\u00e1m t\u00f6rnek a nappalok,<\/span><br><span style=\"color: rgb(0, 51, 51); font-size: 18px;\">Elmereng\u0151 \u00e9jszak\u00e1b\u00f3l,<\/span><br><span style=\"color: rgb(0, 51, 51); font-size: 18px;\">Egyetlen igaz vil\u00e1gb\u00f3l.<\/span><br><br><span style=\"color: rgb(0, 51, 51); font-size: 18px;\">\u00c9jszaka a mag\u00e1ny is m\u00e1s,<\/span><br><span style=\"color: rgb(0, 51, 51); font-size: 18px;\">Jobban hi\u00e1nyzik a h\u0171 t\u00e1rs,<\/span><br><span style=\"color: rgb(0, 51, 51); font-size: 18px;\">Ki ma nincs, de egyszer t\u00e1n lesz,<\/span><br><span style=\"color: rgb(0, 51, 51); font-size: 18px;\">Egy napon a gondj\u00e1ba vesz.<\/span><br><br><span style=\"color: rgb(0, 51, 51); font-size: 18px;\">Seg\u00edt nekem nagy bajomban,<\/span><br><span style=\"color: rgb(0, 51, 51); font-size: 18px;\">Kezem fogja p\u00e1rharcomban,<\/span><br><span style=\"color: rgb(0, 51, 51); font-size: 18px;\">\u00c9s minden napja arr\u00f3l sz\u00f3l,<\/span><br><span style=\"color: rgb(0, 51, 51); font-size: 18px;\">Hogy kih\u00fazzon az \u0151s-b\u00fab\u00f3l.<\/span><br><br><span style=\"color: rgb(0, 51, 51); font-size: 18px;\">Minden \u00e9jjel elk\u00e9pzelem,<\/span><br><span style=\"color: rgb(0, 51, 51); font-size: 18px;\">Hogy milyen j\u00f3 lesz majd nekem<\/span><br><span style=\"color: rgb(0, 51, 51); font-size: 18px;\">Azon a csodasz\u00e9p napon,<\/span><br><span style=\"color: rgb(0, 51, 51); font-size: 18px;\">Mikor elj\u00f6n az \u00e9n lovagom.<\/span><br><br><span style=\"color: rgb(0, 51, 51); font-size: 18px;\">A nappalokat ut\u00e1lom,<\/span><br><span style=\"color: rgb(0, 51, 51); font-size: 18px;\">Mert \u00f6r\u00f6kk\u00f6n csak azt l\u00e1tom,<\/span><br><span style=\"color: rgb(0, 51, 51); font-size: 18px;\">Hogy mennyire rem\u00e9nytelen,<\/span><br><span style=\"color: rgb(0, 51, 51); font-size: 18px;\">Amit \u00e9jjel elk\u00e9pzeltem&nbsp;&nbsp; &nbsp; <\/span><br><span style=\"color: rgb(0, 51, 51); font-size: 18px;\">&nbsp;<\/span><br><br><img src=\"https:\/\/bocsika.cafeblog.hu\/files\/17.gif\" class=\"blogkep\"><\/div>","type":"rich"}