{"version":"1.0","provider_name":"Sz\u00edvdobban\u00e1s","provider_url":"https:\/\/bocsika.cafeblog.hu","author_name":"Elk\u00e9stem","author_url":"https:\/\/bocsika.cafeblog.hu\/author\/elkestem\/","title":"\u00c9NEK MAGAMHOZ","html":"<div style=\"text-align: center;\"><img src=\"https:\/\/bocsika.cafeblog.hu\/files\/Flowers5.gif\" class=\"blogkep\"><br><img src=\"https:\/\/bocsika.cafeblog.hu\/files\/OIregkezek.jpg\" class=\"blogkep\" align=\"left\"><br> <\/div><span style=\"color: rgb(102, 51, 153);\">\u00c9NEK MAGAMHOZ <\/span><br><br><br><span style=\"color: rgb(102, 0, 153); font-style: italic;\"><span style=\"font-size: 18px;\"><span style=\"font-family: Times New Roman;\">Szeretni kell a csalfa k\u00f6d-eget,<\/span><\/span><\/span><br style=\"font-style: italic;\"><span style=\"color: rgb(102, 0, 153); font-size: 18px; font-style: italic; font-family: Times New Roman;\">Szeretni kell sz\u00e1z csillag enyhe k\u00e9p\u00e9t,<\/span><span style=\"color: rgb(102, 0, 153); font-style: italic;\"><br><span style=\"font-size: 18px; font-family: Times New Roman;\">F\u00f6ln\u00e9zv\u00e9n a sz\u00edv k\u00f6nnyebben feled<\/span><\/span><br style=\"font-style: italic;\"><span style=\"color: rgb(102, 0, 153); font-size: 18px; font-style: italic; font-family: Times New Roman;\">\u00c9s f\u00f6ltal\u00e1lja t\u00e1n az \u00f6r\u00f6k b\u00e9k\u00e9t. <\/span><br style=\"font-style: italic;\"><br style=\"font-style: italic;\"><div style=\"text-align: center;\"><span style=\"color: rgb(102, 0, 153); font-style: italic;\"><span style=\"font-size: 18px;\">Cs\u00f3kolni kell az \u00e9let-mart sebet,<\/span><\/span><br style=\"font-style: italic;\"><span style=\"color: rgb(102, 0, 153); font-style: italic; font-size: 18px;\">Csud\u00e1lni kell a l\u00e1nyszem tiszta k\u00e9k\u00e9t,<\/span><br style=\"font-style: italic;\"><span style=\"color: rgb(102, 0, 153); font-style: italic; font-size: 18px;\">Dalolni kell a b\u00e1natok felett<\/span><br style=\"font-style: italic;\"><span style=\"color: rgb(102, 0, 153); font-style: italic; font-size: 18px;\">S nem k\u00e9rdni, hogy v\u00e9n F\u00f6ld\u00fcnk meddig \u00e9g m\u00e9g. <\/span><br style=\"font-style: italic;\"><br style=\"font-style: italic;\"><span style=\"color: rgb(102, 0, 153); font-style: italic; font-size: 18px;\">Tisztelni kell az \u00f6regek kez\u00e9t,<\/span><br style=\"font-style: italic;\"><span style=\"color: rgb(102, 0, 153); font-style: italic; font-size: 18px;\">S\u00edmogatni az ifj\u00fas\u00e1g fej\u00e9t<\/span><br style=\"font-style: italic;\"><span style=\"color: rgb(102, 0, 153); font-style: italic; font-size: 18px;\">\u00c9s b\u00e1tor hittel \u00e9lni, \u00f6lni, csalni. <\/span><br style=\"font-style: italic;\"><br style=\"font-style: italic;\"><span style=\"color: rgb(102, 0, 153); font-style: italic; font-size: 18px;\">Halotti torban folyjon dr\u00e1ga bor,<\/span><br style=\"font-style: italic;\"><span style=\"color: rgb(102, 0, 153); font-style: italic; font-size: 18px;\">Nem szabad s\u00edrni soha, semmikor<\/span><br style=\"font-style: italic;\"><span style=\"color: rgb(102, 0, 153); font-style: italic; font-size: 18px;\">S ha halni kell, h\u00e1t v\u00edgan menj\u00fcnk halni. <\/span><br style=\"font-style: italic;\"><br><span style=\"color: rgb(102, 0, 153);\"><span style=\"color: rgb(255, 51, 0);\"><span style=\"font-size: 18px;\">( J\u00f3zsef Attila )<\/span><br><\/span><\/span><img src=\"https:\/\/bocsika.cafeblog.hu\/files\/Flowers5.gif\" class=\"blogkep\"><br><\/div>","type":"rich"}