{"version":"1.0","provider_name":"Sz\u00edvdobban\u00e1s","provider_url":"https:\/\/bocsika.cafeblog.hu","author_name":"Elk\u00e9stem","author_url":"https:\/\/bocsika.cafeblog.hu\/author\/elkestem\/","title":"A bar\u00e1ts\u00e1g","html":"<div style=\"text-align: center;\"><img style=\"width: 456px; height: 152px;\" src=\"https:\/\/bocsika.cafeblog.hu\/files\/0.gif\" class=\"blogkep\">\n<\/div><div style=\"text-align: center;\"><span style=\"font-family: Times New Roman;\"><span style=\"color: rgb(153, 102, 0);\"><\/span><span style=\"font-size: 18px; color: rgb(153, 102, 0);\">A bar\u00e1ts\u00e1g a legszebb emberi szeretet.<\/span><\/span><br><br><span style=\"font-family: Times New Roman; font-size: 18px; color: rgb(153, 102, 0);\">Ha nem vagyok a legjobb bar\u00e1tja a p\u00e1romnak, nem lehetek igazi t\u00e1rsa sem.<\/span><br><br><span style=\"font-family: Times New Roman; font-size: 18px; color: rgb(153, 102, 0);\">Ha nem vagyok a legjobb bar\u00e1tja a gyermekemnek, nem lehetek igazi anyja sem.<\/span><br><br><span style=\"font-family: Times New Roman; font-size: 18px; color: rgb(153, 102, 0);\">Ha nem vagyok a legjobb bar\u00e1tja a sz\u00fcleimnek, nem lehetek igazi gyermek\u00fck sem.<\/span><br><br><span style=\"font-family: Times New Roman; font-size: 18px; color: rgb(153, 102, 0);\">Ha nem vagyok a legjobb bar\u00e1tja a testv\u00e9remnek, nem lehetek igazi testv\u00e9r sem.<\/span><br><br><span style=\"font-family: Times New Roman; font-size: 18px; color: rgb(153, 102, 0);\">Ha nem vagyok a legjobb bar\u00e1tja a bar\u00e1tomnak, nem lehetek igazi bar\u00e1tja sem.<\/span><br><br><span style=\"font-family: Times New Roman; font-size: 18px; color: rgb(153, 102, 0);\">Ha nem vagyok a legjobb bar\u00e1tja az emberis\u00e9gnek, nem lehetek igazi ember sem.<\/span><br><br><span style=\"font-family: Times New Roman; font-size: 18px; color: rgb(153, 102, 0);\">Legjobb bar\u00e1tnak lenni minden kapcsolatban? Igen, a legt\u00f6bbet adni, amit a szeretet \u00e9rdemel: figyelmet, t\u00fcrelmet, elfogad\u00e1st, s sz\u00e1m\u0171zni gondolatainkb\u00f3l \u00e9s szavainkb\u00f3l a b\u00e1nt\u00f3 kritik\u00e1t \u00e9s a gy\u00f6trelmeket okoz\u00f3 hib\u00e1ztat\u00e1st.<br><br><\/span><img style=\"width: 389px; height: 63px;\" src=\"https:\/\/bocsika.cafeblog.hu\/files\/037.gif\" class=\"blogkep\"><br><\/div>","type":"rich"}